{"id":38,"date":"2022-11-21T09:17:00","date_gmt":"2022-11-21T08:17:00","guid":{"rendered":"https:\/\/www.gamringer-bedachungen.de\/gamringerbedachung\/?page_id=38"},"modified":"2026-02-16T11:19:29","modified_gmt":"2026-02-16T10:19:29","slug":"serviceleistungen-gamringer-gmbh-bedachungen","status":"publish","type":"page","link":"https:\/\/www.gamringer-bedachungen.de\/?page_id=38","title":{"rendered":"Leistungen"},"content":{"rendered":"<div id='av_section_1'  class='avia-section av-xd2-139eb7cef8544d4fd797d49a35976150 main_color avia-section-default avia-no-border-styling  avia-builder-el-0  el_before_av_section  avia-builder-el-first  avia-bg-style-scroll container_wrap sidebar_right'  ><div class='container av-section-cont-open' ><main  role=\"main\" itemprop=\"mainContentOfPage\"  class='template-page content  av-content-small alpha units'><div class='post-entry post-entry-type-page post-entry-38'><div class='entry-content-wrapper clearfix'>\n<div class='flex_column av-25oei-ff8059bad9f09570686a725c5d105f0e av_one_full  avia-builder-el-1  avia-builder-el-no-sibling  first flex_column_div '     ><style type=\"text\/css\" data-created_by=\"avia_inline_auto\" id=\"style-css-av-laqginne-9d8c8e14977e2226678a809d2167e16c\">\n#top .av-special-heading.av-laqginne-9d8c8e14977e2226678a809d2167e16c{\npadding-bottom:10px;\n}\nbody .av-special-heading.av-laqginne-9d8c8e14977e2226678a809d2167e16c .av-special-heading-tag .heading-char{\nfont-size:25px;\n}\n.av-special-heading.av-laqginne-9d8c8e14977e2226678a809d2167e16c .av-subheading{\nfont-size:15px;\n}\n<\/style>\n<div  class='av-special-heading av-laqginne-9d8c8e14977e2226678a809d2167e16c av-special-heading-h1 blockquote modern-quote  avia-builder-el-2  avia-builder-el-no-sibling '><h1 class='av-special-heading-tag'  itemprop=\"headline\"  >Flachdachabdichtung Roding und weitere Leistungen rund ums Dach<\/h1><div class=\"special-heading-border\"><div class=\"special-heading-inner-border\"><\/div><\/div><\/div><\/div><\/div><\/div><\/main><!-- close content main element --><\/div><\/div><div id='av_section_2'  class='avia-section av-1hisy-e417ef182e1b80401ce465d2e5fe3a6f main_color avia-section-default avia-no-border-styling  avia-builder-el-3  el_after_av_section  avia-builder-el-last  avia-bg-style-scroll container_wrap sidebar_right'  ><div class='container av-section-cont-open' ><div class='template-page content  av-content-small alpha units'><div class='post-entry post-entry-type-page post-entry-38'><div class='entry-content-wrapper clearfix'>\n<div class='flex_column av-qrdm-a831b686305535b5e0a24b5177dd5e37 av_one_full  avia-builder-el-4  el_before_av_one_full  avia-builder-el-first  first flex_column_div '     ><\/div><div class='flex_column av-74cqe-c8b222faac1ee9ee77fe739065fb469f av_one_full  avia-builder-el-5  el_after_av_one_full  el_before_av_one_third  first flex_column_div column-top-margin'     ><p>\n<style type=\"text\/css\" data-created_by=\"avia_inline_auto\" id=\"style-css-av-mlozxrf2-3e8edcc1c6ee767118673665b25986f7\">\n#top .av-special-heading.av-mlozxrf2-3e8edcc1c6ee767118673665b25986f7{\npadding-bottom:10px;\n}\nbody .av-special-heading.av-mlozxrf2-3e8edcc1c6ee767118673665b25986f7 .av-special-heading-tag .heading-char{\nfont-size:25px;\n}\n.av-special-heading.av-mlozxrf2-3e8edcc1c6ee767118673665b25986f7 .av-subheading{\nfont-size:15px;\n}\n<\/style>\n<div  class='av-special-heading av-mlozxrf2-3e8edcc1c6ee767118673665b25986f7 av-special-heading-h2  avia-builder-el-6  el_before_av_textblock  avia-builder-el-first '><h2 class='av-special-heading-tag'  itemprop=\"headline\"  >Spenglerarbeiten und Dachentw\u00e4sserung<\/h2><div class=\"special-heading-border\"><div class=\"special-heading-inner-border\"><\/div><\/div><\/div><br \/>\n<section  id=\"Spenglerei\"  class='av_textblock_section av-ltifdbyl-184c140ba8ff659c7efcbaf87c06b39b'  itemscope=\"itemscope\" itemtype=\"https:\/\/schema.org\/CreativeWork\" ><div class='avia_textblock'  itemprop=\"text\" ><p>Wir f\u00fchren pr\u00e4zise Spenglerarbeiten aus Titanzink, Kupfer, Aluminium oder Edelstahl aus. Dazu geh\u00f6ren Dacheindeckungen, Fassadenverkleidungen, Attika-Verkleidungen, Ortgang- und Kehlbleche sowie individuell gefertigte Elemente f\u00fcr die Dachentw\u00e4sserung. Auch Sonderanfertigungen und dekorative Dachdetails setzen wir fachgerecht um.<\/p>\n<\/div><\/section><\/p><\/div><div class='flex_column av-av_one_third-7714eba142aeda1f8b5272a3c372b279 av_one_third  avia-builder-el-8  el_after_av_one_full  el_before_av_one_third  first flex_column_div column-top-margin'     ><p>\n<style type=\"text\/css\" data-created_by=\"avia_inline_auto\" id=\"style-css-av-mlozyfsb-b67098c580da2ff2a03ec39d80dec7f6\">\n#top .av-special-heading.av-mlozyfsb-b67098c580da2ff2a03ec39d80dec7f6{\npadding-bottom:10px;\n}\nbody .av-special-heading.av-mlozyfsb-b67098c580da2ff2a03ec39d80dec7f6 .av-special-heading-tag .heading-char{\nfont-size:25px;\n}\n.av-special-heading.av-mlozyfsb-b67098c580da2ff2a03ec39d80dec7f6 .av-subheading{\nfont-size:15px;\n}\n<\/style>\n<div  class='av-special-heading av-mlozyfsb-b67098c580da2ff2a03ec39d80dec7f6 av-special-heading-h2  avia-builder-el-9  el_before_av_textblock  avia-builder-el-first '><h2 class='av-special-heading-tag'  itemprop=\"headline\"  >Flachdachabdichtung und Flachdachbau<\/h2><div class=\"special-heading-border\"><div class=\"special-heading-inner-border\"><\/div><\/div><\/div><br \/>\n<section  class='av_textblock_section av-av_textblock-7a1af7d8f9790576b1769c0a9f0449ed'  itemscope=\"itemscope\" itemtype=\"https:\/\/schema.org\/CreativeWork\" ><div class='avia_textblock'  itemprop=\"text\" ><\/div><\/section><br \/>\n<section  id=\"Spenglerei\"  class='av_textblock_section av-mlozympq-e1e2b2724e55915dfdea9745809118de'  itemscope=\"itemscope\" itemtype=\"https:\/\/schema.org\/CreativeWork\" ><div class='avia_textblock'  itemprop=\"text\" ><p>Im Bereich Flachdachabdichtung verlegen wir PVC-, FPO- und Bitumend\u00e4cher sowie Fl\u00fcssigkunststoffsysteme f\u00fcr Industrie-, Gewerbe- und Privatbauten.<br data-start=\"1708\" data-end=\"1711\" \/>Von der Gef\u00e4lled\u00e4mmung bis zur Dimensionierung der Dachentw\u00e4sserung erhalten Sie eine technisch durchdachte Komplettl\u00f6sung.<\/p>\n<\/div><\/section><\/p><\/div><div class='flex_column av-av_one_third-f1c518e9ff58e869f80c8f093487abc9 av_one_third  avia-builder-el-12  el_after_av_one_third  el_before_av_one_third  flex_column_div column-top-margin'     ><p>\n<style type=\"text\/css\" data-created_by=\"avia_inline_auto\" id=\"style-css-av-mlozywvy-8e763e8af818a51476b39f9caf2454fe\">\n#top .av-special-heading.av-mlozywvy-8e763e8af818a51476b39f9caf2454fe{\npadding-bottom:10px;\n}\nbody .av-special-heading.av-mlozywvy-8e763e8af818a51476b39f9caf2454fe .av-special-heading-tag .heading-char{\nfont-size:25px;\n}\n.av-special-heading.av-mlozywvy-8e763e8af818a51476b39f9caf2454fe .av-subheading{\nfont-size:15px;\n}\n<\/style>\n<div  class='av-special-heading av-mlozywvy-8e763e8af818a51476b39f9caf2454fe av-special-heading-h2  avia-builder-el-13  el_before_av_textblock  avia-builder-el-first '><h2 class='av-special-heading-tag'  itemprop=\"headline\"  >Dachsanierung und Steildacharbeiten<\/h2><div class=\"special-heading-border\"><div class=\"special-heading-inner-border\"><\/div><\/div><\/div><br \/>\n<section  class='av_textblock_section av-mlp02dv6-f4fc8bd025641f6a81f2c6afbe4b12af'  itemscope=\"itemscope\" itemtype=\"https:\/\/schema.org\/CreativeWork\" ><div class='avia_textblock'  itemprop=\"text\" ><\/div><\/section><br \/>\n<section  id=\"Spenglerei\"  class='av_textblock_section av-mlozz1rk-1e4d7e1298a3c89e09acc2d7141a94c9'  itemscope=\"itemscope\" itemtype=\"https:\/\/schema.org\/CreativeWork\" ><div class='avia_textblock'  itemprop=\"text\" ><p>Wir \u00fcbernehmen die fachgerechte Dachsanierung von Steil- und Flachd\u00e4chern inklusive Dachfl\u00e4chenfenster, Schneefangsysteme und energetischer Ma\u00dfnahmen.<\/p>\n<\/div><\/section><\/p><\/div><div class='flex_column av-av_one_third-f1c518e9ff58e869f80c8f093487abc9 av_one_third  avia-builder-el-16  el_after_av_one_third  el_before_av_one_third  flex_column_div column-top-margin'     ><p>\n<style type=\"text\/css\" data-created_by=\"avia_inline_auto\" id=\"style-css-av-av_heading-00bee8c11943e4e5173a593509cf9f30\">\n#top .av-special-heading.av-av_heading-00bee8c11943e4e5173a593509cf9f30{\npadding-bottom:10px;\n}\nbody .av-special-heading.av-av_heading-00bee8c11943e4e5173a593509cf9f30 .av-special-heading-tag .heading-char{\nfont-size:25px;\n}\n.av-special-heading.av-av_heading-00bee8c11943e4e5173a593509cf9f30 .av-subheading{\nfont-size:15px;\n}\n<\/style>\n<div  class='av-special-heading av-av_heading-00bee8c11943e4e5173a593509cf9f30 av-special-heading-h2  avia-builder-el-17  el_before_av_textblock  avia-builder-el-first '><h2 class='av-special-heading-tag'  itemprop=\"headline\"  >Dachsanierung und Steildacharbeiten<\/h2><div class=\"special-heading-border\"><div class=\"special-heading-inner-border\"><\/div><\/div><\/div><br \/>\n<section  class='av_textblock_section av-av_textblock-7a1af7d8f9790576b1769c0a9f0449ed'  itemscope=\"itemscope\" itemtype=\"https:\/\/schema.org\/CreativeWork\" ><div class='avia_textblock'  itemprop=\"text\" ><\/div><\/section><br \/>\n<section  id=\"Spenglerei\"  class='av_textblock_section av-av_textblock-316d68f158b78c00f803d6b2ae741a30'  itemscope=\"itemscope\" itemtype=\"https:\/\/schema.org\/CreativeWork\" ><div class='avia_textblock'  itemprop=\"text\" ><p>Wir \u00fcbernehmen die fachgerechte Dachsanierung von Steil- und Flachd\u00e4chern inklusive Dachfl\u00e4chenfenster, Schneefangsysteme und energetischer Ma\u00dfnahmen.<\/p>\n<\/div><\/section><\/p><\/div><div class='flex_column av-av_one_third-7714eba142aeda1f8b5272a3c372b279 av_one_third  avia-builder-el-20  el_after_av_one_third  el_before_av_one_third  first flex_column_div column-top-margin'     ><p>\n<style type=\"text\/css\" data-created_by=\"avia_inline_auto\" id=\"style-css-av-mlp04wld-c948b22ab48bcdf9e966b685b501b454\">\n#top .av-special-heading.av-mlp04wld-c948b22ab48bcdf9e966b685b501b454{\npadding-bottom:10px;\n}\nbody .av-special-heading.av-mlp04wld-c948b22ab48bcdf9e966b685b501b454 .av-special-heading-tag .heading-char{\nfont-size:25px;\n}\n.av-special-heading.av-mlp04wld-c948b22ab48bcdf9e966b685b501b454 .av-subheading{\nfont-size:15px;\n}\n<\/style>\n<div  class='av-special-heading av-mlp04wld-c948b22ab48bcdf9e966b685b501b454 av-special-heading-h2  avia-builder-el-21  el_before_av_textblock  avia-builder-el-first '><h2 class='av-special-heading-tag'  itemprop=\"headline\"  >Geb\u00e4udeabdichtung<\/h2><div class=\"special-heading-border\"><div class=\"special-heading-inner-border\"><\/div><\/div><\/div><br \/>\n<section  class='av_textblock_section av-av_textblock-7a1af7d8f9790576b1769c0a9f0449ed'  itemscope=\"itemscope\" itemtype=\"https:\/\/schema.org\/CreativeWork\" ><div class='avia_textblock'  itemprop=\"text\" ><\/div><\/section><br \/>\n<section  id=\"Spenglerei\"  class='av_textblock_section av-mlp0524f-a9dcc2382908bbb26bedfae527dc2542'  itemscope=\"itemscope\" itemtype=\"https:\/\/schema.org\/CreativeWork\" ><div class='avia_textblock'  itemprop=\"text\" ><p>Eine fachgerechte Geb\u00e4udeabdichtung sch\u00fctzt Bauwerke dauerhaft vor Feuchtigkeitssch\u00e4den. Wir \u00fcbernehmen Kellerabdichtungen, Bauwerksabdichtungen sowie Abdichtungsarbeiten an Fundamenten, Sockelbereichen und erdber\u00fchrten Bauteilen. Auch schwer zug\u00e4ngliche oder verwinkelte Bereiche stellen f\u00fcr uns kein Problem dar. Je nach Anforderung setzen wir Fl\u00fcssigkunststoff, Bitumenschwei\u00dfbahnen oder moderne Abdichtungssysteme nach aktuellem Stand der Technik ein.<\/p>\n<\/div><\/section><\/p><\/div><div class='flex_column av-av_one_third-f1c518e9ff58e869f80c8f093487abc9 av_one_third  avia-builder-el-24  el_after_av_one_third  el_before_av_one_third  flex_column_div column-top-margin'     ><p>\n<style type=\"text\/css\" data-created_by=\"avia_inline_auto\" id=\"style-css-av-mlozzcdg-1e2cc36c4742b65ec701df80eda52b63\">\n#top .av-special-heading.av-mlozzcdg-1e2cc36c4742b65ec701df80eda52b63{\npadding-bottom:10px;\n}\nbody .av-special-heading.av-mlozzcdg-1e2cc36c4742b65ec701df80eda52b63 .av-special-heading-tag .heading-char{\nfont-size:25px;\n}\n.av-special-heading.av-mlozzcdg-1e2cc36c4742b65ec701df80eda52b63 .av-subheading{\nfont-size:15px;\n}\n<\/style>\n<div  class='av-special-heading av-mlozzcdg-1e2cc36c4742b65ec701df80eda52b63 av-special-heading-h2  avia-builder-el-25  el_before_av_textblock  avia-builder-el-first '><h2 class='av-special-heading-tag'  itemprop=\"headline\"  >Dachbegr\u00fcnung<\/h2><div class=\"special-heading-border\"><div class=\"special-heading-inner-border\"><\/div><\/div><\/div><br \/>\n<section  class='av_textblock_section av-av_textblock-7a1af7d8f9790576b1769c0a9f0449ed'  itemscope=\"itemscope\" itemtype=\"https:\/\/schema.org\/CreativeWork\" ><div class='avia_textblock'  itemprop=\"text\" ><\/div><\/section><br \/>\n<section  id=\"Spenglerei\"  class='av_textblock_section av-mlozzhg9-5cff427ca8dd6ae167ff8b9c00e9a7fd'  itemscope=\"itemscope\" itemtype=\"https:\/\/schema.org\/CreativeWork\" ><div class='avia_textblock'  itemprop=\"text\" ><p data-start=\"679\" data-end=\"1062\">Mit einer professionellen Dachbegr\u00fcnung werten Sie Ihr Flachdach \u00f6kologisch und optisch auf. Eine extensive Dachbegr\u00fcnung speichert Regenwasser, verbessert das Mikroklima und sch\u00fctzt gleichzeitig die Dachabdichtung vor Witterungseinfl\u00fcssen. Wir beraten Sie von der Planung \u00fcber die passende Dr\u00e4n- und Filterschicht bis hin zur fachgerechten Umsetzung mit hochwertigen Systeml\u00f6sungen.<\/p>\n<\/div><\/section><\/p><\/div><div class='flex_column av-av_one_third-f1c518e9ff58e869f80c8f093487abc9 av_one_third  avia-builder-el-28  el_after_av_one_third  el_before_av_one_half  flex_column_div column-top-margin'     ><p>\n<style type=\"text\/css\" data-created_by=\"avia_inline_auto\" id=\"style-css-av-mlp05ghn-c2780521db8ad74355a62fde1f4be8a7\">\n#top .av-special-heading.av-mlp05ghn-c2780521db8ad74355a62fde1f4be8a7{\npadding-bottom:10px;\n}\nbody .av-special-heading.av-mlp05ghn-c2780521db8ad74355a62fde1f4be8a7 .av-special-heading-tag .heading-char{\nfont-size:25px;\n}\n.av-special-heading.av-mlp05ghn-c2780521db8ad74355a62fde1f4be8a7 .av-subheading{\nfont-size:15px;\n}\n<\/style>\n<div  class='av-special-heading av-mlp05ghn-c2780521db8ad74355a62fde1f4be8a7 av-special-heading-h2  avia-builder-el-29  el_before_av_textblock  avia-builder-el-first '><h2 class='av-special-heading-tag'  itemprop=\"headline\"  >Fassadenarbeiten<\/h2><div class=\"special-heading-border\"><div class=\"special-heading-inner-border\"><\/div><\/div><\/div><br \/>\n<section  class='av_textblock_section av-av_textblock-7a1af7d8f9790576b1769c0a9f0449ed'  itemscope=\"itemscope\" itemtype=\"https:\/\/schema.org\/CreativeWork\" ><div class='avia_textblock'  itemprop=\"text\" ><\/div><\/section><br \/>\n<section  id=\"Spenglerei\"  class='av_textblock_section av-mlp05lk9-dd392e51cdbdda4421f8671f83bb2002'  itemscope=\"itemscope\" itemtype=\"https:\/\/schema.org\/CreativeWork\" ><div class='avia_textblock'  itemprop=\"text\" ><p data-start=\"1094\" data-end=\"1455\">Im Bereich Fassadenarbeiten realisieren wir hochwertige Fassadenl\u00f6sungen f\u00fcr Wohn- und Gewerbeobjekte. Ob Blechfassade, Verbundplatten, hinterl\u00fcftete Fassadensysteme oder ged\u00e4mmte Industrie-Fassaden \u2013 wir setzen Ihre Fassade technisch pr\u00e4zise und optisch ansprechend um. Dabei achten wir auf Langlebigkeit, Witterungsbest\u00e4ndigkeit und eine saubere Verarbeitung.<\/p>\n<\/div><\/section><\/p><\/div><div class='flex_column av-av_one_half-7714eba142aeda1f8b5272a3c372b279 av_one_half  avia-builder-el-32  el_after_av_one_third  el_before_av_one_half  first flex_column_div column-top-margin'     ><p>\n<style type=\"text\/css\" data-created_by=\"avia_inline_auto\" id=\"style-css-av-av_heading-cd2e655c14d09c707f365e9861de6c01\">\n#top .av-special-heading.av-av_heading-cd2e655c14d09c707f365e9861de6c01{\npadding-bottom:10px;\n}\nbody .av-special-heading.av-av_heading-cd2e655c14d09c707f365e9861de6c01 .av-special-heading-tag .heading-char{\nfont-size:25px;\n}\n.av-special-heading.av-av_heading-cd2e655c14d09c707f365e9861de6c01 .av-subheading{\nfont-size:15px;\n}\n<\/style>\n<div  class='av-special-heading av-av_heading-cd2e655c14d09c707f365e9861de6c01 av-special-heading-h2  avia-builder-el-33  el_before_av_textblock  avia-builder-el-first '><h2 class='av-special-heading-tag'  itemprop=\"headline\"  >Industriemontagen<\/h2><div class=\"special-heading-border\"><div class=\"special-heading-inner-border\"><\/div><\/div><\/div><br \/>\n<section  class='av_textblock_section av-av_textblock-7a1af7d8f9790576b1769c0a9f0449ed'  itemscope=\"itemscope\" itemtype=\"https:\/\/schema.org\/CreativeWork\" ><div class='avia_textblock'  itemprop=\"text\" ><\/div><\/section><br \/>\n<section  id=\"Spenglerei\"  class='av_textblock_section av-av_textblock-316d68f158b78c00f803d6b2ae741a30'  itemscope=\"itemscope\" itemtype=\"https:\/\/schema.org\/CreativeWork\" ><div class='avia_textblock'  itemprop=\"text\" ><p data-start=\"1488\" data-end=\"1830\">F\u00fcr Industrie- und Gewerbebauten \u00fcbernehmen wir gro\u00dffl\u00e4chige Industriemontagen im Bereich Dach und Fassade. Dazu geh\u00f6ren die Verlegung von Trapez- und Wellenprofilen, Sandwichpaneelen sowie PVC-, FPO- oder Bitumend\u00e4chern. Auch s\u00e4mtliche Anschlussarbeiten, Dachdurchbr\u00fcche und energetische Sanierungen f\u00fchren wir fachgerecht und effizient aus.<\/p>\n<\/div><\/section><\/p><\/div><div class='flex_column av-av_one_half-f1c518e9ff58e869f80c8f093487abc9 av_one_half  avia-builder-el-36  el_after_av_one_half  avia-builder-el-last  flex_column_div column-top-margin'     ><p>\n<style type=\"text\/css\" data-created_by=\"avia_inline_auto\" id=\"style-css-av-mlp06v0g-70172685b26af3527d8336fbfd7b4ea8\">\n#top .av-special-heading.av-mlp06v0g-70172685b26af3527d8336fbfd7b4ea8{\npadding-bottom:10px;\n}\nbody .av-special-heading.av-mlp06v0g-70172685b26af3527d8336fbfd7b4ea8 .av-special-heading-tag .heading-char{\nfont-size:25px;\n}\n.av-special-heading.av-mlp06v0g-70172685b26af3527d8336fbfd7b4ea8 .av-subheading{\nfont-size:15px;\n}\n<\/style>\n<div  class='av-special-heading av-mlp06v0g-70172685b26af3527d8336fbfd7b4ea8 av-special-heading-h2  avia-builder-el-37  el_before_av_textblock  avia-builder-el-first '><h2 class='av-special-heading-tag'  itemprop=\"headline\"  >Reparatur, Dachwartung und Instandhaltung<\/h2><div class=\"special-heading-border\"><div class=\"special-heading-inner-border\"><\/div><\/div><\/div><br \/>\n<section  class='av_textblock_section av-av_textblock-7a1af7d8f9790576b1769c0a9f0449ed'  itemscope=\"itemscope\" itemtype=\"https:\/\/schema.org\/CreativeWork\" ><div class='avia_textblock'  itemprop=\"text\" ><\/div><\/section><br \/>\n<section  id=\"Spenglerei\"  class='av_textblock_section av-mlp072nx-c71af7f4a5e9f6258fb0e668791729ee'  itemscope=\"itemscope\" itemtype=\"https:\/\/schema.org\/CreativeWork\" ><div class='avia_textblock'  itemprop=\"text\" ><p data-start=\"1887\" data-end=\"2260\">Regelm\u00e4\u00dfige Dachwartung verl\u00e4ngert die Lebensdauer Ihres Daches und beugt kostspieligen Sch\u00e4den vor. Wir \u00fcbernehmen Reparaturen nach Sturm-, Hagel- oder Feuchtigkeitssch\u00e4den ebenso wie vorbeugende Wartungsarbeiten. Dabei kontrollieren wir Dachfl\u00e4chen, Abdichtungen und die komplette Dachentw\u00e4sserung. Kleinere M\u00e4ngel beheben wir fr\u00fchzeitig, bevor gr\u00f6\u00dfere Sch\u00e4den entstehen.<\/p>\n<\/div><\/section><\/p><\/div><\/div><\/div><\/div><!-- close content main div --><\/div><\/div><div id='after_section_2'  class='main_color av_default_container_wrap container_wrap sidebar_right'  ><div class='container av-section-cont-open' ><div class='template-page content  av-content-small alpha units'><div class='post-entry post-entry-type-page post-entry-38'><div class='entry-content-wrapper clearfix'><\/p>\n","protected":false},"excerpt":{"rendered":"","protected":false},"author":1,"featured_media":0,"parent":0,"menu_order":0,"comment_status":"closed","ping_status":"closed","template":"","meta":{"_seopress_robots_primary_cat":"","_seopress_titles_title":"Flachdachabdichtung | Spenglerarbeiten & Dachsanierung","_seopress_titles_desc":"Flachdachabdichtung sowie Spenglerarbeiten, Dachsanierung, Geb\u00e4udeabdichtung und Dachwartung im Raum Cham und Umgebung.","_seopress_robots_index":"","footnotes":""},"class_list":["post-38","page","type-page","status-publish","hentry"],"_links":{"self":[{"href":"https:\/\/www.gamringer-bedachungen.de\/index.php?rest_route=\/wp\/v2\/pages\/38","targetHints":{"allow":["GET"]}}],"collection":[{"href":"https:\/\/www.gamringer-bedachungen.de\/index.php?rest_route=\/wp\/v2\/pages"}],"about":[{"href":"https:\/\/www.gamringer-bedachungen.de\/index.php?rest_route=\/wp\/v2\/types\/page"}],"author":[{"embeddable":true,"href":"https:\/\/www.gamringer-bedachungen.de\/index.php?rest_route=\/wp\/v2\/users\/1"}],"replies":[{"embeddable":true,"href":"https:\/\/www.gamringer-bedachungen.de\/index.php?rest_route=%2Fwp%2Fv2%2Fcomments&post=38"}],"version-history":[{"count":17,"href":"https:\/\/www.gamringer-bedachungen.de\/index.php?rest_route=\/wp\/v2\/pages\/38\/revisions"}],"predecessor-version":[{"id":247,"href":"https:\/\/www.gamringer-bedachungen.de\/index.php?rest_route=\/wp\/v2\/pages\/38\/revisions\/247"}],"wp:attachment":[{"href":"https:\/\/www.gamringer-bedachungen.de\/index.php?rest_route=%2Fwp%2Fv2%2Fmedia&parent=38"}],"curies":[{"name":"wp","href":"https:\/\/api.w.org\/{rel}","templated":true}]}}